{"id":940,"date":"2021-03-26T09:55:05","date_gmt":"2021-03-26T08:55:05","guid":{"rendered":"https:\/\/lev.music31.fr\/?page_id=940"},"modified":"2024-11-30T13:53:27","modified_gmt":"2024-11-30T12:53:27","slug":"actualites","status":"publish","type":"page","link":"https:\/\/lev.music31.fr\/index.php\/actualites\/","title":{"rendered":"Actualit\u00e9s du groupe"},"content":{"rendered":"\n<div class=\"wp-block-media-text alignwide is-stacked-on-mobile\" style=\"grid-template-columns:24% auto\"><figure class=\"wp-block-media-text__media\"><img loading=\"lazy\" decoding=\"async\" width=\"724\" height=\"1024\" src=\"https:\/\/lev.music31.fr\/wp-content\/uploads\/2024\/11\/CONCERT-DE-NOEL-24-Ste-Germaine-724x1024.png\" alt=\"\" class=\"wp-image-1267 size-full\" srcset=\"https:\/\/lev.music31.fr\/wp-content\/uploads\/2024\/11\/CONCERT-DE-NOEL-24-Ste-Germaine-724x1024.png 724w, https:\/\/lev.music31.fr\/wp-content\/uploads\/2024\/11\/CONCERT-DE-NOEL-24-Ste-Germaine-212x300.png 212w, https:\/\/lev.music31.fr\/wp-content\/uploads\/2024\/11\/CONCERT-DE-NOEL-24-Ste-Germaine-768x1086.png 768w, https:\/\/lev.music31.fr\/wp-content\/uploads\/2024\/11\/CONCERT-DE-NOEL-24-Ste-Germaine-1086x1536.png 1086w, https:\/\/lev.music31.fr\/wp-content\/uploads\/2024\/11\/CONCERT-DE-NOEL-24-Ste-Germaine-1448x2048.png 1448w, https:\/\/lev.music31.fr\/wp-content\/uploads\/2024\/11\/CONCERT-DE-NOEL-24-Ste-Germaine.png 1587w\" sizes=\"auto, (max-width: 724px) 100vw, 724px\" \/><\/figure><div class=\"wp-block-media-text__content\">\n<h4 class=\"wp-block-heading\"><mark style=\"background-color:rgba(0, 0, 0, 0);color:#984005\" class=\"has-inline-color\">CONCERTS DE NO\u00cbL &#8211; 2024<\/mark><\/h4>\n\n\n\n<ul class=\"wp-block-list\">\n<li><strong>Dimanche 15 d\u00e9cembre<\/strong> \u00e0 17h00 | Eglise Sainte-Germaine<br>59 avenue de l&rsquo;URSS, 31400 TOULOUSE<\/li>\n<\/ul>\n<\/div><\/div>\n\n\n\n<div class=\"wp-block-media-text alignwide has-media-on-the-right is-stacked-on-mobile is-vertically-aligned-top\" style=\"grid-template-columns:auto 27%\"><div class=\"wp-block-media-text__content\">\n<h4 class=\"wp-block-heading\"><mark style=\"background-color:rgba(0, 0, 0, 0);color:#984005\" class=\"has-inline-color\">CONCERTS &#8211; Temps Pascal 2024<\/mark><\/h4>\n\n\n\n<ul class=\"wp-block-list\">\n<li><strong>Concert de louange <\/strong>|<strong> Samedi 23 mars<\/strong> \u00e0 18h<br>\u00c9glise Notre-Dame, 10 Grand Rue, 47310 MOIRAX<\/li>\n\n\n\n<li><strong>Concert de louange<\/strong> | <strong>Samedi 20 avril<\/strong> \u00e0 20h <br>\u00c9glise de Auch, 32000 AUCH<\/li>\n\n\n\n<li><strong>Concert de P\u00e2ques<\/strong> | <strong>Dimanche 21 avril<\/strong> \u00e0 16h30 <br>\u00c9glise Saint-Exup\u00e8re, 6 Rue Lamarck, 31400 TOULOUSE<\/li>\n<\/ul>\n<\/div><figure class=\"wp-block-media-text__media\"><img loading=\"lazy\" decoding=\"async\" width=\"1024\" height=\"768\" src=\"https:\/\/lev.music31.fr\/wp-content\/uploads\/2024\/02\/Photo-groupe-Lev-1024x768.jpg\" alt=\"\" class=\"wp-image-1263 size-full\" srcset=\"https:\/\/lev.music31.fr\/wp-content\/uploads\/2024\/02\/Photo-groupe-Lev-1024x768.jpg 1024w, https:\/\/lev.music31.fr\/wp-content\/uploads\/2024\/02\/Photo-groupe-Lev-300x225.jpg 300w, https:\/\/lev.music31.fr\/wp-content\/uploads\/2024\/02\/Photo-groupe-Lev-768x576.jpg 768w, https:\/\/lev.music31.fr\/wp-content\/uploads\/2024\/02\/Photo-groupe-Lev-1536x1152.jpg 1536w, https:\/\/lev.music31.fr\/wp-content\/uploads\/2024\/02\/Photo-groupe-Lev.jpg 1600w\" sizes=\"auto, (max-width: 767px) 89vw, (max-width: 1000px) 54vw, (max-width: 1071px) 543px, 580px\" \/><\/figure><\/div>\n\n\n\n<div class=\"wp-block-group alignwide\"><div class=\"wp-block-group__inner-container is-layout-flow wp-block-group-is-layout-flow\">\n<div class=\"wp-block-columns alignwide are-vertically-aligned-top is-layout-flex wp-container-core-columns-is-layout-9d6595d7 wp-block-columns-is-layout-flex\">\n<div class=\"wp-block-column is-layout-flow wp-block-column-is-layout-flow\" style=\"flex-basis:27%\">\n<figure class=\"wp-block-image size-large\"><img loading=\"lazy\" decoding=\"async\" width=\"1024\" height=\"768\" src=\"https:\/\/lev.music31.fr\/wp-content\/uploads\/2022\/04\/JDF_1-1024x768.jpg\" alt=\"\" class=\"wp-image-1114\" srcset=\"https:\/\/lev.music31.fr\/wp-content\/uploads\/2022\/04\/JDF_1-1024x768.jpg 1024w, https:\/\/lev.music31.fr\/wp-content\/uploads\/2022\/04\/JDF_1-300x225.jpg 300w, https:\/\/lev.music31.fr\/wp-content\/uploads\/2022\/04\/JDF_1-768x576.jpg 768w, https:\/\/lev.music31.fr\/wp-content\/uploads\/2022\/04\/JDF_1-1536x1152.jpg 1536w, https:\/\/lev.music31.fr\/wp-content\/uploads\/2022\/04\/JDF_1-2048x1536.jpg 2048w\" sizes=\"auto, (max-width: 767px) 89vw, (max-width: 1000px) 54vw, (max-width: 1071px) 543px, 580px\" \/><\/figure>\n<\/div>\n\n\n\n<div class=\"wp-block-column is-layout-flow wp-block-column-is-layout-flow\" style=\"flex-basis:73%\">\n<h4 class=\"wp-block-heading\"><mark style=\"background-color:rgba(0, 0, 0, 0);color:#984005\" class=\"has-inline-color\"><mark style=\"background-color:rgba(0, 0, 0, 0);color:#984005\" class=\"has-inline-color\">JOURN\u00c9E DES FIANC\u00c9S 2024 &#8211; 4\u00e8me \u00e9dition<\/mark><\/mark><\/h4>\n\n\n\n<ul class=\"wp-block-list\">\n<li><strong>Samedi 10 f\u00e9vrier<\/strong> | Lyc\u00e9e Ste Marie Grand Lebrun<br>164 Av. Charles de Gaulle, 33200 BORDEAUX<\/li>\n<\/ul>\n<\/div>\n<\/div>\n<\/div><\/div>\n\n\n\n<div class=\"wp-block-media-text alignwide is-stacked-on-mobile\" style=\"grid-template-columns:27% auto\"><figure class=\"wp-block-media-text__media\"><img loading=\"lazy\" decoding=\"async\" width=\"724\" height=\"1024\" src=\"https:\/\/lev.music31.fr\/wp-content\/uploads\/2023\/11\/Affiche-Veillee-Noel_St-Exupere_PNG-724x1024.png\" alt=\"\" class=\"wp-image-1255 size-full\" srcset=\"https:\/\/lev.music31.fr\/wp-content\/uploads\/2023\/11\/Affiche-Veillee-Noel_St-Exupere_PNG-724x1024.png 724w, https:\/\/lev.music31.fr\/wp-content\/uploads\/2023\/11\/Affiche-Veillee-Noel_St-Exupere_PNG-212x300.png 212w, https:\/\/lev.music31.fr\/wp-content\/uploads\/2023\/11\/Affiche-Veillee-Noel_St-Exupere_PNG-768x1086.png 768w, https:\/\/lev.music31.fr\/wp-content\/uploads\/2023\/11\/Affiche-Veillee-Noel_St-Exupere_PNG-1086x1536.png 1086w, https:\/\/lev.music31.fr\/wp-content\/uploads\/2023\/11\/Affiche-Veillee-Noel_St-Exupere_PNG-1448x2048.png 1448w, https:\/\/lev.music31.fr\/wp-content\/uploads\/2023\/11\/Affiche-Veillee-Noel_St-Exupere_PNG.png 1587w\" sizes=\"auto, (max-width: 724px) 100vw, 724px\" \/><\/figure><div class=\"wp-block-media-text__content\">\n<h4 class=\"wp-block-heading\"><mark style=\"background-color:rgba(0, 0, 0, 0);color:#984005\" class=\"has-inline-color\">CONCERTS DE NO\u00cbL &#8211; 2023<\/mark><\/h4>\n\n\n\n<ul class=\"wp-block-list\">\n<li><strong>Samedi 09 d\u00e9cembre <\/strong>\u00e0 20h00<strong> <\/strong>| Eglise Saint-Exup\u00e8re<br>6 rue Lamarck, 31400 TOULOUSE<\/li>\n\n\n\n<li><strong>Samedi 16 d\u00e9cembre<\/strong> \u00e0 16h00 | Eglise Sainte-Germaine<br>59 avenue de l&rsquo;URSS, 31400 TOULOUSE<\/li>\n<\/ul>\n<\/div><\/div>\n\n\n\n<div class=\"wp-block-media-text alignwide is-stacked-on-mobile\" style=\"grid-template-columns:27% auto\"><figure class=\"wp-block-media-text__media\"><img loading=\"lazy\" decoding=\"async\" width=\"1024\" height=\"576\" src=\"https:\/\/lev.music31.fr\/wp-content\/uploads\/2023\/09\/Toulouse-1024x576-1.jpg\" alt=\"\" class=\"wp-image-1247 size-full\" srcset=\"https:\/\/lev.music31.fr\/wp-content\/uploads\/2023\/09\/Toulouse-1024x576-1.jpg 1024w, https:\/\/lev.music31.fr\/wp-content\/uploads\/2023\/09\/Toulouse-1024x576-1-300x169.jpg 300w, https:\/\/lev.music31.fr\/wp-content\/uploads\/2023\/09\/Toulouse-1024x576-1-768x432.jpg 768w\" sizes=\"auto, (max-width: 767px) 89vw, (max-width: 1000px) 54vw, (max-width: 1071px) 543px, 580px\" \/><\/figure><div class=\"wp-block-media-text__content\">\n<h4 class=\"wp-block-heading\"><mark style=\"background-color:rgba(0, 0, 0, 0);color:#984005\" class=\"has-inline-color\">CONGRES MISSION TOULOUSE 2023<\/mark><\/h4>\n\n\n\n<ul class=\"wp-block-list\">\n<li><strong>Samedi 30 septembre <\/strong>\u00e0 20h30<strong> <\/strong>| ND La Daurade<br><a href=\"https:\/\/toulouse.congresmission.com\/programmation\/?journee=samedi#programme\">Veill\u00e9e gratitude : Dieu fait des merveilles <\/a><br>Avec le P\u00e8re Lionel Dalle<\/li>\n<\/ul>\n<\/div><\/div>\n\n\n\n<div class=\"wp-block-media-text alignwide has-media-on-the-right is-stacked-on-mobile is-vertically-aligned-top\" style=\"grid-template-columns:auto 26%\"><div class=\"wp-block-media-text__content\">\n<h4 class=\"wp-block-heading\"><mark style=\"background-color:rgba(0, 0, 0, 0);color:#984005\" class=\"has-inline-color\"><mark style=\"background-color:rgba(0, 0, 0, 0);color:#984005\" class=\"has-inline-color\">VEILL\u00c9E DE CAR\u00caME &#8211; 2023<\/mark><\/mark><\/h4>\n\n\n\n<ul class=\"wp-block-list\">\n<li><strong>Vendredi 31 mars<\/strong> | Eglise Saint Jean-Baptiste<br>67 Av. de Toulouse, 31240 L&rsquo;UNION<br> <\/li>\n<\/ul>\n<\/div><figure class=\"wp-block-media-text__media\"><img loading=\"lazy\" decoding=\"async\" width=\"724\" height=\"1024\" src=\"https:\/\/lev.music31.fr\/wp-content\/uploads\/2023\/03\/VEILLEE-DE-CAREME-23_LUnion-724x1024.png\" alt=\"\" class=\"wp-image-1174 size-full\" srcset=\"https:\/\/lev.music31.fr\/wp-content\/uploads\/2023\/03\/VEILLEE-DE-CAREME-23_LUnion-724x1024.png 724w, https:\/\/lev.music31.fr\/wp-content\/uploads\/2023\/03\/VEILLEE-DE-CAREME-23_LUnion-212x300.png 212w, https:\/\/lev.music31.fr\/wp-content\/uploads\/2023\/03\/VEILLEE-DE-CAREME-23_LUnion-768x1086.png 768w, https:\/\/lev.music31.fr\/wp-content\/uploads\/2023\/03\/VEILLEE-DE-CAREME-23_LUnion-1086x1536.png 1086w, https:\/\/lev.music31.fr\/wp-content\/uploads\/2023\/03\/VEILLEE-DE-CAREME-23_LUnion-1448x2048.png 1448w, https:\/\/lev.music31.fr\/wp-content\/uploads\/2023\/03\/VEILLEE-DE-CAREME-23_LUnion.png 1587w\" sizes=\"auto, (max-width: 724px) 100vw, 724px\" \/><\/figure><\/div>\n\n\n\n<div class=\"wp-block-group alignwide\"><div class=\"wp-block-group__inner-container is-layout-flow wp-block-group-is-layout-flow\">\n<div class=\"wp-block-columns alignwide are-vertically-aligned-top is-layout-flex wp-container-core-columns-is-layout-9d6595d7 wp-block-columns-is-layout-flex\">\n<div class=\"wp-block-column is-layout-flow wp-block-column-is-layout-flow\" style=\"flex-basis:27%\">\n<figure class=\"wp-block-embed is-type-video is-provider-youtube wp-block-embed-youtube wp-embed-aspect-16-9 wp-has-aspect-ratio\"><div class=\"wp-block-embed__wrapper\">\n<iframe loading=\"lazy\" title=\"Journ\u00e9e des Fianc\u00e9s 2023\" width=\"525\" height=\"295\" src=\"https:\/\/www.youtube.com\/embed\/ia25os4WXDs?feature=oembed\" frameborder=\"0\" allow=\"accelerometer; autoplay; clipboard-write; encrypted-media; gyroscope; picture-in-picture; web-share\" referrerpolicy=\"strict-origin-when-cross-origin\" allowfullscreen><\/iframe>\n<\/div><figcaption class=\"wp-element-caption\">Teaser \u00e9v\u00e9nement 2023 !<\/figcaption><\/figure>\n<\/div>\n\n\n\n<div class=\"wp-block-column is-layout-flow wp-block-column-is-layout-flow\" style=\"flex-basis:73%\">\n<h4 class=\"wp-block-heading\"><mark style=\"background-color:rgba(0, 0, 0, 0);color:#984005\" class=\"has-inline-color\"><mark style=\"background-color:rgba(0, 0, 0, 0);color:#984005\" class=\"has-inline-color\">JOURN\u00c9E DES FIANC\u00c9S 2023 &#8211; 3\u00e8me \u00e9dition<\/mark><\/mark><\/h4>\n\n\n\n<ul class=\"wp-block-list\">\n<li><strong>Samedi 11 mars<\/strong> | Lyc\u00e9e Ste Marie Grand Lebrun<br>164 Av. Charles de Gaulle, 33200 BORDEAUX<\/li>\n<\/ul>\n<\/div>\n<\/div>\n<\/div><\/div>\n\n\n\n<div class=\"wp-block-media-text alignwide is-stacked-on-mobile\" style=\"grid-template-columns:27% auto\"><figure class=\"wp-block-media-text__media\"><img loading=\"lazy\" decoding=\"async\" width=\"724\" height=\"1024\" src=\"https:\/\/lev.music31.fr\/wp-content\/uploads\/2022\/11\/CONCERT-DE-NOEL-22_Immac-724x1024.png\" alt=\"\" class=\"wp-image-1167 size-full\" srcset=\"https:\/\/lev.music31.fr\/wp-content\/uploads\/2022\/11\/CONCERT-DE-NOEL-22_Immac-724x1024.png 724w, https:\/\/lev.music31.fr\/wp-content\/uploads\/2022\/11\/CONCERT-DE-NOEL-22_Immac-212x300.png 212w, https:\/\/lev.music31.fr\/wp-content\/uploads\/2022\/11\/CONCERT-DE-NOEL-22_Immac-768x1086.png 768w, https:\/\/lev.music31.fr\/wp-content\/uploads\/2022\/11\/CONCERT-DE-NOEL-22_Immac-1086x1536.png 1086w, https:\/\/lev.music31.fr\/wp-content\/uploads\/2022\/11\/CONCERT-DE-NOEL-22_Immac-1448x2048.png 1448w, https:\/\/lev.music31.fr\/wp-content\/uploads\/2022\/11\/CONCERT-DE-NOEL-22_Immac.png 1587w\" sizes=\"auto, (max-width: 724px) 100vw, 724px\" \/><\/figure><div class=\"wp-block-media-text__content\">\n<h4 class=\"wp-block-heading\"><mark style=\"background-color:rgba(0, 0, 0, 0);color:#984005\" class=\"has-inline-color\">CONCERTS DE NO\u00cbL &#8211; 2022<\/mark><\/h4>\n\n\n\n<ul class=\"wp-block-list\">\n<li><strong>Jeudi 08 d\u00e9cembre <\/strong>\u00e0 10h30<strong> <\/strong>| Chapelle ND de gr\u00e2ce<br>Village Philot\u00e9, 28 rue de l&rsquo;Aude, 31500 TOULOUSE<\/li>\n\n\n\n<li><strong>Jeudi 15 d\u00e9cembre<\/strong> \u00e0 10h00 | Ecole Sainte Th\u00e9r\u00e8se<br>16 rue du Dr Jean Arlaud, 31500 TOULOUSE<br>31450 TOULOUSE<\/li>\n\n\n\n<li><strong>Samedi 17 d\u00e9cembre<\/strong> \u00e0 20h30 | Paroisse Immacul\u00e9e Conception<br>1 Pl. du Chanoine Philippe Ravary, 31500 TOULOUSE<\/li>\n<\/ul>\n<\/div><\/div>\n\n\n\n<div class=\"wp-block-media-text alignwide has-media-on-the-right is-stacked-on-mobile is-vertically-aligned-top\" style=\"grid-template-columns:auto 27%\"><div class=\"wp-block-media-text__content\">\n<h4 class=\"wp-block-heading\"><mark style=\"background-color:rgba(0, 0, 0, 0);color:#984005\" class=\"has-inline-color\">CONCERT &#8211; Gospel, vari\u00e9t\u00e9, classique<\/mark><\/h4>\n\n\n\n<ul class=\"wp-block-list\">\n<li><strong>Dimanche 18 sept<\/strong> | Eglise Saint-Pierre de Roques<br>31570 BOURG-ST-BERNARD<br><br><em>Participation libre au profit de l&rsquo;Association de Sauvegarde de l&rsquo;\u00e9glise St Pierre de Roques<\/em> <\/li>\n<\/ul>\n<\/div><figure class=\"wp-block-media-text__media\"><img loading=\"lazy\" decoding=\"async\" width=\"724\" height=\"1024\" src=\"https:\/\/lev.music31.fr\/wp-content\/uploads\/2022\/09\/Concert-Roques-724x1024.png\" alt=\"\" class=\"wp-image-1136 size-full\" srcset=\"https:\/\/lev.music31.fr\/wp-content\/uploads\/2022\/09\/Concert-Roques-724x1024.png 724w, https:\/\/lev.music31.fr\/wp-content\/uploads\/2022\/09\/Concert-Roques-212x300.png 212w, https:\/\/lev.music31.fr\/wp-content\/uploads\/2022\/09\/Concert-Roques-768x1086.png 768w, https:\/\/lev.music31.fr\/wp-content\/uploads\/2022\/09\/Concert-Roques-1086x1536.png 1086w, https:\/\/lev.music31.fr\/wp-content\/uploads\/2022\/09\/Concert-Roques.png 1414w\" sizes=\"auto, (max-width: 724px) 100vw, 724px\" \/><\/figure><\/div>\n\n\n\n<div class=\"wp-block-media-text alignwide is-stacked-on-mobile is-vertically-aligned-top\" style=\"grid-template-columns:27% auto\"><figure class=\"wp-block-media-text__media\"><img loading=\"lazy\" decoding=\"async\" width=\"724\" height=\"1024\" src=\"https:\/\/lev.music31.fr\/wp-content\/uploads\/2022\/04\/Veillee-de-LOUANGE_Fonsorbes_220430-724x1024.png\" alt=\"\" class=\"wp-image-1118 size-full\" srcset=\"https:\/\/lev.music31.fr\/wp-content\/uploads\/2022\/04\/Veillee-de-LOUANGE_Fonsorbes_220430-724x1024.png 724w, https:\/\/lev.music31.fr\/wp-content\/uploads\/2022\/04\/Veillee-de-LOUANGE_Fonsorbes_220430-212x300.png 212w, https:\/\/lev.music31.fr\/wp-content\/uploads\/2022\/04\/Veillee-de-LOUANGE_Fonsorbes_220430-768x1086.png 768w, https:\/\/lev.music31.fr\/wp-content\/uploads\/2022\/04\/Veillee-de-LOUANGE_Fonsorbes_220430-1086x1536.png 1086w, https:\/\/lev.music31.fr\/wp-content\/uploads\/2022\/04\/Veillee-de-LOUANGE_Fonsorbes_220430.png 1414w\" sizes=\"auto, (max-width: 724px) 100vw, 724px\" \/><\/figure><div class=\"wp-block-media-text__content\">\n<h4 class=\"wp-block-heading\"><mark style=\"background-color:rgba(0, 0, 0, 0);color:#984005\" class=\"has-inline-color\">VEILL\u00c9E DE LOUANGE 2022<\/mark><\/h4>\n\n\n\n<ul class=\"wp-block-list\">\n<li><strong>Samedi 30 avril<\/strong> \u00e0 20h30<br>Eglise Saint Jean-Baptiste, 31470 FONSORBES<\/li>\n<\/ul>\n<\/div><\/div>\n\n\n\n<div class=\"wp-block-media-text alignwide has-media-on-the-right is-stacked-on-mobile\" style=\"grid-template-columns:auto 36%\"><div class=\"wp-block-media-text__content\">\n<h4 class=\"wp-block-heading\"><mark style=\"background-color:rgba(0, 0, 0, 0);color:#984005\" class=\"has-inline-color\">JOURN\u00c9E DES FIANC\u00c9S 2022 &#8211; 2\u00e8me \u00e9dition<\/mark><\/h4>\n\n\n\n<ul class=\"wp-block-list\">\n<li><strong>Samedi 26 mars<\/strong> | Lyc\u00e9e Ste Marie Grand Lebrun<br>164 Av. Charles de Gaulle, 33200 BORDEAUX<br><br><strong>Au programme :<\/strong> musique, table ronde, pri\u00e8re, repas, \u00e9changes, t\u00e9moignages, b\u00e9n\u00e9diction sp\u00e9ciale de chaque couple de fianc\u00e9s.<br><em>Avec la participation de l&rsquo;archev\u00eaque Mgr James<\/em>.<\/li>\n<\/ul>\n<\/div><figure class=\"wp-block-media-text__media\"><img loading=\"lazy\" decoding=\"async\" width=\"1024\" height=\"768\" src=\"https:\/\/lev.music31.fr\/wp-content\/uploads\/2022\/04\/JDF_1-1024x768.jpg\" alt=\"\" class=\"wp-image-1114 size-full\" srcset=\"https:\/\/lev.music31.fr\/wp-content\/uploads\/2022\/04\/JDF_1-1024x768.jpg 1024w, https:\/\/lev.music31.fr\/wp-content\/uploads\/2022\/04\/JDF_1-300x225.jpg 300w, https:\/\/lev.music31.fr\/wp-content\/uploads\/2022\/04\/JDF_1-768x576.jpg 768w, https:\/\/lev.music31.fr\/wp-content\/uploads\/2022\/04\/JDF_1-1536x1152.jpg 1536w, https:\/\/lev.music31.fr\/wp-content\/uploads\/2022\/04\/JDF_1-2048x1536.jpg 2048w\" sizes=\"auto, (max-width: 767px) 89vw, (max-width: 1000px) 54vw, (max-width: 1071px) 543px, 580px\" \/><\/figure><\/div>\n\n\n\n<div class=\"wp-block-media-text alignwide is-stacked-on-mobile\" style=\"grid-template-columns:27% auto\"><figure class=\"wp-block-media-text__media\"><img loading=\"lazy\" decoding=\"async\" width=\"724\" height=\"1024\" src=\"https:\/\/lev.music31.fr\/wp-content\/uploads\/2022\/03\/VEILLEE-DE-CAREME-22_St-Marc-724x1024.png\" alt=\"\" class=\"wp-image-1106 size-full\" srcset=\"https:\/\/lev.music31.fr\/wp-content\/uploads\/2022\/03\/VEILLEE-DE-CAREME-22_St-Marc-724x1024.png 724w, https:\/\/lev.music31.fr\/wp-content\/uploads\/2022\/03\/VEILLEE-DE-CAREME-22_St-Marc-212x300.png 212w, https:\/\/lev.music31.fr\/wp-content\/uploads\/2022\/03\/VEILLEE-DE-CAREME-22_St-Marc-768x1086.png 768w, https:\/\/lev.music31.fr\/wp-content\/uploads\/2022\/03\/VEILLEE-DE-CAREME-22_St-Marc-1086x1536.png 1086w, https:\/\/lev.music31.fr\/wp-content\/uploads\/2022\/03\/VEILLEE-DE-CAREME-22_St-Marc-1448x2048.png 1448w, https:\/\/lev.music31.fr\/wp-content\/uploads\/2022\/03\/VEILLEE-DE-CAREME-22_St-Marc.png 1587w\" sizes=\"auto, (max-width: 724px) 100vw, 724px\" \/><\/figure><div class=\"wp-block-media-text__content\">\n<h4 class=\"wp-block-heading\"><mark style=\"background-color:rgba(0, 0, 0, 0);color:#984005\" class=\"has-inline-color\">VEILL\u00c9ES DE CAR\u00caME &#8211; 2022<\/mark><\/h4>\n\n\n\n<ul class=\"wp-block-list\">\n<li><strong>Vendredi 01 avril<\/strong> \u00e0 20h30 | Eglise Saint Barth\u00e9l\u00e9my<br>Rue du 8 Mai 1945, 31830 PLAISANCE-DU-TOUCH<\/li>\n\n\n\n<li><strong>Samedi 02 avril<\/strong> \u00e0 17h00 | Eglise Saint Jacques<br>14 Rue Saint-Jacques, 31600 MURET<\/li>\n\n\n\n<li><strong>Mercredi 06 avril<\/strong> \u00e0 20h00 | Eglise Saint Simon<br>Pl. de l&rsquo;\u00c9glise Saint-Simon, 31100 TOULOUSE<\/li>\n\n\n\n<li><strong>Mardi 12 avril<\/strong> \u00e0 20h00 | Eglise ND d&rsquo;Esp\u00e9rance<br>113 Rue Bonnat, 31400 TOULOUSE<\/li>\n<\/ul>\n<\/div><\/div>\n\n\n\n<div class=\"wp-block-media-text alignwide is-stacked-on-mobile\" style=\"grid-template-columns:27% auto\"><figure class=\"wp-block-media-text__media\"><img loading=\"lazy\" decoding=\"async\" width=\"724\" height=\"1024\" src=\"https:\/\/lev.music31.fr\/wp-content\/uploads\/2021\/11\/VEILLEE-DE-NOEL_St-Ex-724x1024.png\" alt=\"\" class=\"wp-image-1089 size-full\" srcset=\"https:\/\/lev.music31.fr\/wp-content\/uploads\/2021\/11\/VEILLEE-DE-NOEL_St-Ex-724x1024.png 724w, https:\/\/lev.music31.fr\/wp-content\/uploads\/2021\/11\/VEILLEE-DE-NOEL_St-Ex-212x300.png 212w, https:\/\/lev.music31.fr\/wp-content\/uploads\/2021\/11\/VEILLEE-DE-NOEL_St-Ex-768x1086.png 768w, https:\/\/lev.music31.fr\/wp-content\/uploads\/2021\/11\/VEILLEE-DE-NOEL_St-Ex-1086x1536.png 1086w, https:\/\/lev.music31.fr\/wp-content\/uploads\/2021\/11\/VEILLEE-DE-NOEL_St-Ex-1448x2048.png 1448w, https:\/\/lev.music31.fr\/wp-content\/uploads\/2021\/11\/VEILLEE-DE-NOEL_St-Ex.png 1587w\" sizes=\"auto, (max-width: 724px) 100vw, 724px\" \/><\/figure><div class=\"wp-block-media-text__content\">\n<h4 class=\"wp-block-heading\"><mark style=\"background-color:rgba(0, 0, 0, 0);color:#984005\" class=\"has-inline-color\">VEILL\u00c9ES DE NO\u00cbL &#8211; 2021<\/mark><\/h4>\n\n\n\n<ul class=\"wp-block-list\">\n<li><strong>Samedi 27 novembre <\/strong>\u00e0 17h30<strong> <\/strong>| Eglise Saint Leger<br>31600 EAUNES<\/li>\n\n\n\n<li><strong>Dimanche 12 d\u00e9cembre<\/strong> \u00e0 15h00 | Eglise Saint Lautier<br>31450 MONTLAUR<\/li>\n\n\n\n<li><strong>Mardi 14 d\u00e9cembre<\/strong> \u00e0 19h00 | Eglise Saint-Exup\u00e8re<br>33 All\u00e9es Jules Guesde, 31400 TOULOUSE<\/li>\n\n\n\n<li><strong>Dimanche 19 d\u00e9cembre<\/strong> \u00e0 15h00 | Eglise Saint Joseph<br>Av. Pierre Coupeau, 31130 BALMA<\/li>\n<\/ul>\n<\/div><\/div>\n\n\n\n<div class=\"wp-block-media-text alignwide has-media-on-the-right is-stacked-on-mobile\" style=\"grid-template-columns:auto 41%\"><div class=\"wp-block-media-text__content\">\n<h4 class=\"wp-block-heading\"><mark style=\"background-color:rgba(0, 0, 0, 0);color:#984005\" class=\"has-inline-color\"> <\/mark><strong><mark style=\"background-color:rgba(0, 0, 0, 0);color:#984005\" class=\"has-inline-color\">CONGRES MISSION &#8211; 2021<\/mark><\/strong><mark style=\"background-color:rgba(0, 0, 0, 0);color:#984005\" class=\"has-inline-color\"> <\/mark><\/h4>\n\n\n\n<ul class=\"wp-block-list\">\n<li><strong>Vend<strong>redi 01 octobre<\/strong> \u00e0 17h <\/strong>| Messe \u00e0 l&rsquo;\u00e9glise de la Daurade \u00e0 Toulouse<\/li>\n\n\n\n<li><strong><strong>Samedi 02 octobre<\/strong> \u00e0 17h |<\/strong> Atelier \u00ab\u00a0<em>Comment t\u00e9moigner du Christ par l&rsquo;animation musicale<\/em> ?\u00a0\u00bb au lyc\u00e9e Sainte Marie de Nevers, 10 rue du P\u00e9rigord \u00e0 Toulouse<\/li>\n<\/ul>\n<\/div><figure class=\"wp-block-media-text__media\"><img loading=\"lazy\" decoding=\"async\" width=\"1024\" height=\"682\" src=\"https:\/\/lev.music31.fr\/wp-content\/uploads\/2021\/09\/IMG-20210807-WA0000-1.jpg\" alt=\"\" class=\"wp-image-1062 size-full\" srcset=\"https:\/\/lev.music31.fr\/wp-content\/uploads\/2021\/09\/IMG-20210807-WA0000-1.jpg 1024w, https:\/\/lev.music31.fr\/wp-content\/uploads\/2021\/09\/IMG-20210807-WA0000-1-300x200.jpg 300w, https:\/\/lev.music31.fr\/wp-content\/uploads\/2021\/09\/IMG-20210807-WA0000-1-768x512.jpg 768w\" sizes=\"auto, (max-width: 767px) 89vw, (max-width: 1000px) 54vw, (max-width: 1071px) 543px, 580px\" \/><\/figure><\/div>\n\n\n\n<div class=\"wp-block-media-text alignwide is-stacked-on-mobile\" style=\"grid-template-columns:27% auto\"><figure class=\"wp-block-media-text__media\"><img loading=\"lazy\" decoding=\"async\" width=\"724\" height=\"1024\" src=\"https:\/\/lev.music31.fr\/wp-content\/uploads\/2021\/04\/LOUANGE-DE-PAQUES_Tournefeuille-724x1024.jpg\" alt=\"\" class=\"wp-image-1002 size-full\" srcset=\"https:\/\/lev.music31.fr\/wp-content\/uploads\/2021\/04\/LOUANGE-DE-PAQUES_Tournefeuille-724x1024.jpg 724w, https:\/\/lev.music31.fr\/wp-content\/uploads\/2021\/04\/LOUANGE-DE-PAQUES_Tournefeuille-212x300.jpg 212w, https:\/\/lev.music31.fr\/wp-content\/uploads\/2021\/04\/LOUANGE-DE-PAQUES_Tournefeuille-768x1086.jpg 768w, https:\/\/lev.music31.fr\/wp-content\/uploads\/2021\/04\/LOUANGE-DE-PAQUES_Tournefeuille-1086x1536.jpg 1086w, https:\/\/lev.music31.fr\/wp-content\/uploads\/2021\/04\/LOUANGE-DE-PAQUES_Tournefeuille.jpg 1414w\" sizes=\"auto, (max-width: 724px) 100vw, 724px\" \/><\/figure><div class=\"wp-block-media-text__content\">\n<h4 class=\"wp-block-heading\"><mark style=\"background-color:rgba(0, 0, 0, 0);color:#984005\" class=\"has-inline-color\">LOUANGES DE P\u00c2QUES &#8211; 2021<\/mark><\/h4>\n\n\n\n<ul class=\"wp-block-list\">\n<li><strong>Lundi 05 avril<\/strong> | Maison de retraite La Cocagne<br>4 Avenue Victor Molinier, 31570 SAINTE-FOY-D&rsquo;AIGREFEUILLE<\/li>\n\n\n\n<li><strong>Mardi 13 avril <\/strong>| Maison de retraite La Triade<br>3 Avenue du Ch\u00eane Vert, 31270 FROUZINS<\/li>\n\n\n\n<li><strong>Samedi 17 avril<\/strong> \u00e0 16h00 | Eglise de Tournefeuille<br>Rue Gaston Doumergue, 31170 TOURNEFEUILLE<\/li>\n\n\n\n<li><strong>Dimanche 09 mai <\/strong>\u00e0 16h00 | Eglise ND d&rsquo;Esp\u00e9rance<br>113 rue Bonnat, 31400 TOULOUSE<br><\/li>\n<\/ul>\n<\/div><\/div>\n\n\n\n<div class=\"wp-block-media-text alignwide is-stacked-on-mobile is-vertically-aligned-center\" style=\"grid-template-columns:27% auto\"><figure class=\"wp-block-media-text__media\"><img loading=\"lazy\" decoding=\"async\" width=\"724\" height=\"1024\" src=\"https:\/\/lev.music31.fr\/wp-content\/uploads\/2021\/03\/VEILLEE-DE-CAREME_St-Nicolas-724x1024.png\" alt=\"\" class=\"wp-image-986 size-full\" srcset=\"https:\/\/lev.music31.fr\/wp-content\/uploads\/2021\/03\/VEILLEE-DE-CAREME_St-Nicolas-724x1024.png 724w, https:\/\/lev.music31.fr\/wp-content\/uploads\/2021\/03\/VEILLEE-DE-CAREME_St-Nicolas-212x300.png 212w, https:\/\/lev.music31.fr\/wp-content\/uploads\/2021\/03\/VEILLEE-DE-CAREME_St-Nicolas-768x1086.png 768w, https:\/\/lev.music31.fr\/wp-content\/uploads\/2021\/03\/VEILLEE-DE-CAREME_St-Nicolas-1086x1536.png 1086w, https:\/\/lev.music31.fr\/wp-content\/uploads\/2021\/03\/VEILLEE-DE-CAREME_St-Nicolas-1448x2048.png 1448w, https:\/\/lev.music31.fr\/wp-content\/uploads\/2021\/03\/VEILLEE-DE-CAREME_St-Nicolas.png 1587w\" sizes=\"auto, (max-width: 724px) 100vw, 724px\" \/><\/figure><div class=\"wp-block-media-text__content\">\n<h4 class=\"wp-block-heading\"><mark style=\"background-color:rgba(0, 0, 0, 0);color:#984005\" class=\"has-inline-color\">VEILL\u00c9ES DE CAR\u00caME &#8211; 2021<\/mark><\/h4>\n\n\n\n<ul class=\"wp-block-list\">\n<li><strong>Dimanche 14 mars<\/strong> \u00e0 15h30 | Eglise Saint-Exup\u00e8re<br>33 All\u00e9es Jules Guesde, 31400 TOULOUSE<\/li>\n\n\n\n<li><strong>Dimanche 28 mars<\/strong> \u00e0 15h30 | Eglise Saint-Nicolas<br>36 Grande rue Saint-Nicolas, 31000 TOULOUSE<\/li>\n<\/ul>\n<\/div><\/div>\n\n\n\n<div class=\"wp-block-media-text alignwide has-media-on-the-right is-stacked-on-mobile\" style=\"grid-template-columns:auto 47%\"><div class=\"wp-block-media-text__content\">\n<h4 class=\"wp-block-heading\"><mark style=\"background-color:rgba(0, 0, 0, 0);color:#984005\" class=\"has-inline-color\">JOURN\u00c9E DES FIANC\u00c9S 2021 &#8211; 1\u00e8re \u00e9dition<\/mark><\/h4>\n\n\n\n<ul class=\"wp-block-list\">\n<li><strong>Samedi 13 mars<\/strong> | Basilique Saint-Seurin<br>Place des Martyrs de la R\u00e9sistance, 33000 BORDEAUX<\/li>\n<\/ul>\n<\/div><figure class=\"wp-block-media-text__media\"><img loading=\"lazy\" decoding=\"async\" width=\"1024\" height=\"512\" src=\"https:\/\/lev.music31.fr\/wp-content\/uploads\/2021\/03\/IMG-20210313-WA0005-1024x512.jpg\" alt=\"\" class=\"wp-image-987 size-full\" srcset=\"https:\/\/lev.music31.fr\/wp-content\/uploads\/2021\/03\/IMG-20210313-WA0005-1024x512.jpg 1024w, https:\/\/lev.music31.fr\/wp-content\/uploads\/2021\/03\/IMG-20210313-WA0005-300x150.jpg 300w, https:\/\/lev.music31.fr\/wp-content\/uploads\/2021\/03\/IMG-20210313-WA0005-768x384.jpg 768w, https:\/\/lev.music31.fr\/wp-content\/uploads\/2021\/03\/IMG-20210313-WA0005.jpg 1296w\" sizes=\"auto, (max-width: 767px) 89vw, (max-width: 1000px) 54vw, (max-width: 1071px) 543px, 580px\" \/><\/figure><\/div>\n\n\n\n<div class=\"wp-block-media-text alignwide is-stacked-on-mobile\" style=\"grid-template-columns:27% auto\"><figure class=\"wp-block-media-text__media\"><img loading=\"lazy\" decoding=\"async\" width=\"724\" height=\"1024\" src=\"https:\/\/lev.music31.fr\/wp-content\/uploads\/2021\/03\/VEILEE-DE-NOEL-St-Marc-724x1024.png\" alt=\"\" class=\"wp-image-985 size-full\" srcset=\"https:\/\/lev.music31.fr\/wp-content\/uploads\/2021\/03\/VEILEE-DE-NOEL-St-Marc-724x1024.png 724w, https:\/\/lev.music31.fr\/wp-content\/uploads\/2021\/03\/VEILEE-DE-NOEL-St-Marc-212x300.png 212w, https:\/\/lev.music31.fr\/wp-content\/uploads\/2021\/03\/VEILEE-DE-NOEL-St-Marc-768x1086.png 768w, https:\/\/lev.music31.fr\/wp-content\/uploads\/2021\/03\/VEILEE-DE-NOEL-St-Marc-1086x1536.png 1086w, https:\/\/lev.music31.fr\/wp-content\/uploads\/2021\/03\/VEILEE-DE-NOEL-St-Marc-1448x2048.png 1448w, https:\/\/lev.music31.fr\/wp-content\/uploads\/2021\/03\/VEILEE-DE-NOEL-St-Marc.png 1587w\" sizes=\"auto, (max-width: 724px) 100vw, 724px\" \/><\/figure><div class=\"wp-block-media-text__content\">\n<h4 class=\"wp-block-heading\"><mark style=\"background-color:rgba(0, 0, 0, 0);color:#984005\" class=\"has-inline-color\">VEILL\u00c9ES DE NO\u00cbL &#8211; 2020<\/mark><\/h4>\n\n\n\n<ul class=\"wp-block-list\">\n<li><strong>Vendredi 4 d\u00e9cembre<\/strong> | Maison de retraite La Cocagne<br>4 Avenue Victor Molinier, 31570 SAINTE-FOY-D&rsquo;AIGREFEUILLE<\/li>\n\n\n\n<li><strong>Dimanche 13 d\u00e9cembre<\/strong> \u00e0 15h45 | Eglise Notre-Dame des Gr\u00e2ces<br>Rue Notre-Dame, 31250 REVEL<\/li>\n\n\n\n<li><strong>Mardi 15 d\u00e9cembre<\/strong> \u00e0 18h15 | Eglise Saint-Exup\u00e8re<br>33 All\u00e9es Jules Guesde, 31400 TOULOUSE<\/li>\n\n\n\n<li><strong>Mercredi 16 d\u00e9cembre<\/strong> \u00e0 16h00 | Maison de retraite Gaubert<br>28 Rue Sainte-Lucie, 31000 TOULOUSE<\/li>\n\n\n\n<li><strong>Samedi 09 janvier<\/strong> \u00e0 16h30 | Eglise de Lardenne<br>207 Avenue de Lardenne, 31100 TOULOUSE<\/li>\n\n\n\n<li><strong>Dimanche 17 janvier<\/strong> \u00e0 15h00 | Eglise Saint Marc<br>68 Avenue de Rangueil, 31400 TOULOUSE<\/li>\n<\/ul>\n<\/div><\/div>\n\n\n\n<hr class=\"wp-block-separator has-css-opacity\"\/>\n\n\n\n<p>Suivez-nous et retrouvez toute l&rsquo;actualit\u00e9 de notre groupe sur <a href=\"https:\/\/www.instagram.com\/invites\/contact\/?i=1kj0vlwqhdl7f&amp;utm_content=qujpsjf\" target=\"_blank\" rel=\"noreferrer noopener\">@lev_animationaleglise<\/a>, <a href=\"https:\/\/www.facebook.com\/lev.music31\" target=\"_blank\" rel=\"noreferrer noopener\">https:\/\/www.facebook.com\/lev.music31<\/a> et sur notre <a href=\"https:\/\/www.youtube.com\/channel\/UC5d0_YDDEcvLT6UCCrTNRbw?view_as=subscriber\" target=\"_blank\" rel=\"noreferrer noopener\">cha\u00eene YouTube<\/a> !<\/p>\n","protected":false},"excerpt":{"rendered":"<p>JOURN\u00c9E DES FIANC\u00c9S 2024 &#8211; 4\u00e8me \u00e9dition JOURN\u00c9E DES FIANC\u00c9S 2023 &#8211; 3\u00e8me \u00e9dition Suivez-nous et retrouvez toute l&rsquo;actualit\u00e9 de notre groupe sur @lev_animationaleglise, https:\/\/www.facebook.com\/lev.music31 et sur notre cha\u00eene YouTube !<\/p>\n","protected":false},"author":1,"featured_media":0,"parent":0,"menu_order":0,"comment_status":"closed","ping_status":"closed","template":"","meta":{"footnotes":""},"class_list":["post-940","page","type-page","status-publish","hentry"],"yoast_head":"<!-- This site is optimized with the Yoast SEO plugin v20.3 - https:\/\/yoast.com\/wordpress\/plugins\/seo\/ -->\n<title>Actualit\u00e9s du groupe - L\u00e8v<\/title>\n<meta name=\"robots\" content=\"index, follow, max-snippet:-1, max-image-preview:large, max-video-preview:-1\" \/>\n<link rel=\"canonical\" href=\"https:\/\/lev.music31.fr\/index.php\/actualites\/\" \/>\n<meta property=\"og:locale\" content=\"fr_FR\" \/>\n<meta property=\"og:type\" content=\"article\" \/>\n<meta property=\"og:title\" content=\"Actualit\u00e9s du groupe - L\u00e8v\" \/>\n<meta property=\"og:description\" content=\"JOURN\u00c9E DES FIANC\u00c9S 2024 &#8211; 4\u00e8me \u00e9dition JOURN\u00c9E DES FIANC\u00c9S 2023 &#8211; 3\u00e8me \u00e9dition Suivez-nous et retrouvez toute l&rsquo;actualit\u00e9 de notre groupe sur @lev_animationaleglise, https:\/\/www.facebook.com\/lev.music31 et sur notre cha\u00eene YouTube !\" \/>\n<meta property=\"og:url\" content=\"https:\/\/lev.music31.fr\/index.php\/actualites\/\" \/>\n<meta property=\"og:site_name\" content=\"L\u00e8v\" \/>\n<meta property=\"article:publisher\" content=\"https:\/\/www.facebook.com\/lev.music31\" \/>\n<meta property=\"article:modified_time\" content=\"2024-11-30T12:53:27+00:00\" \/>\n<meta property=\"og:image\" content=\"https:\/\/lev.music31.fr\/wp-content\/uploads\/2024\/11\/CONCERT-DE-NOEL-24-Ste-Germaine-724x1024.png\" \/>\n<meta name=\"twitter:card\" content=\"summary_large_image\" \/>\n<meta name=\"twitter:label1\" content=\"Dur\u00e9e de lecture estim\u00e9e\" \/>\n\t<meta name=\"twitter:data1\" content=\"8 minutes\" \/>\n<script type=\"application\/ld+json\" class=\"yoast-schema-graph\">{\"@context\":\"https:\/\/schema.org\",\"@graph\":[{\"@type\":\"WebPage\",\"@id\":\"https:\/\/lev.music31.fr\/index.php\/actualites\/\",\"url\":\"https:\/\/lev.music31.fr\/index.php\/actualites\/\",\"name\":\"Actualit\u00e9s du groupe - L\u00e8v\",\"isPartOf\":{\"@id\":\"https:\/\/lev.music31.fr\/#website\"},\"datePublished\":\"2021-03-26T08:55:05+00:00\",\"dateModified\":\"2024-11-30T12:53:27+00:00\",\"breadcrumb\":{\"@id\":\"https:\/\/lev.music31.fr\/index.php\/actualites\/#breadcrumb\"},\"inLanguage\":\"fr-FR\",\"potentialAction\":[{\"@type\":\"ReadAction\",\"target\":[\"https:\/\/lev.music31.fr\/index.php\/actualites\/\"]}]},{\"@type\":\"BreadcrumbList\",\"@id\":\"https:\/\/lev.music31.fr\/index.php\/actualites\/#breadcrumb\",\"itemListElement\":[{\"@type\":\"ListItem\",\"position\":1,\"name\":\"Accueil\",\"item\":\"https:\/\/lev.music31.fr\/\"},{\"@type\":\"ListItem\",\"position\":2,\"name\":\"Actualit\u00e9s du groupe\"}]},{\"@type\":\"WebSite\",\"@id\":\"https:\/\/lev.music31.fr\/#website\",\"url\":\"https:\/\/lev.music31.fr\/\",\"name\":\"L\u00e8v\",\"description\":\"Battre au rythme de vos c\u0153urs\",\"publisher\":{\"@id\":\"https:\/\/lev.music31.fr\/#organization\"},\"potentialAction\":[{\"@type\":\"SearchAction\",\"target\":{\"@type\":\"EntryPoint\",\"urlTemplate\":\"https:\/\/lev.music31.fr\/?s={search_term_string}\"},\"query-input\":\"required name=search_term_string\"}],\"inLanguage\":\"fr-FR\"},{\"@type\":\"Organization\",\"@id\":\"https:\/\/lev.music31.fr\/#organization\",\"name\":\"L\u00c8V\",\"url\":\"https:\/\/lev.music31.fr\/\",\"logo\":{\"@type\":\"ImageObject\",\"inLanguage\":\"fr-FR\",\"@id\":\"https:\/\/lev.music31.fr\/#\/schema\/logo\/image\/\",\"url\":\"https:\/\/lev.music31.fr\/wp-content\/uploads\/2020\/03\/L\u00e8v-logo_4.png\",\"contentUrl\":\"https:\/\/lev.music31.fr\/wp-content\/uploads\/2020\/03\/L\u00e8v-logo_4.png\",\"width\":1080,\"height\":1080,\"caption\":\"L\u00c8V\"},\"image\":{\"@id\":\"https:\/\/lev.music31.fr\/#\/schema\/logo\/image\/\"},\"sameAs\":[\"https:\/\/www.facebook.com\/lev.music31\"]}]}<\/script>\n<!-- \/ Yoast SEO plugin. -->","yoast_head_json":{"title":"Actualit\u00e9s du groupe - L\u00e8v","robots":{"index":"index","follow":"follow","max-snippet":"max-snippet:-1","max-image-preview":"max-image-preview:large","max-video-preview":"max-video-preview:-1"},"canonical":"https:\/\/lev.music31.fr\/index.php\/actualites\/","og_locale":"fr_FR","og_type":"article","og_title":"Actualit\u00e9s du groupe - L\u00e8v","og_description":"JOURN\u00c9E DES FIANC\u00c9S 2024 &#8211; 4\u00e8me \u00e9dition JOURN\u00c9E DES FIANC\u00c9S 2023 &#8211; 3\u00e8me \u00e9dition Suivez-nous et retrouvez toute l&rsquo;actualit\u00e9 de notre groupe sur @lev_animationaleglise, https:\/\/www.facebook.com\/lev.music31 et sur notre cha\u00eene YouTube !","og_url":"https:\/\/lev.music31.fr\/index.php\/actualites\/","og_site_name":"L\u00e8v","article_publisher":"https:\/\/www.facebook.com\/lev.music31","article_modified_time":"2024-11-30T12:53:27+00:00","og_image":[{"url":"https:\/\/lev.music31.fr\/wp-content\/uploads\/2024\/11\/CONCERT-DE-NOEL-24-Ste-Germaine-724x1024.png"}],"twitter_card":"summary_large_image","twitter_misc":{"Dur\u00e9e de lecture estim\u00e9e":"8 minutes"},"schema":{"@context":"https:\/\/schema.org","@graph":[{"@type":"WebPage","@id":"https:\/\/lev.music31.fr\/index.php\/actualites\/","url":"https:\/\/lev.music31.fr\/index.php\/actualites\/","name":"Actualit\u00e9s du groupe - L\u00e8v","isPartOf":{"@id":"https:\/\/lev.music31.fr\/#website"},"datePublished":"2021-03-26T08:55:05+00:00","dateModified":"2024-11-30T12:53:27+00:00","breadcrumb":{"@id":"https:\/\/lev.music31.fr\/index.php\/actualites\/#breadcrumb"},"inLanguage":"fr-FR","potentialAction":[{"@type":"ReadAction","target":["https:\/\/lev.music31.fr\/index.php\/actualites\/"]}]},{"@type":"BreadcrumbList","@id":"https:\/\/lev.music31.fr\/index.php\/actualites\/#breadcrumb","itemListElement":[{"@type":"ListItem","position":1,"name":"Accueil","item":"https:\/\/lev.music31.fr\/"},{"@type":"ListItem","position":2,"name":"Actualit\u00e9s du groupe"}]},{"@type":"WebSite","@id":"https:\/\/lev.music31.fr\/#website","url":"https:\/\/lev.music31.fr\/","name":"L\u00e8v","description":"Battre au rythme de vos c\u0153urs","publisher":{"@id":"https:\/\/lev.music31.fr\/#organization"},"potentialAction":[{"@type":"SearchAction","target":{"@type":"EntryPoint","urlTemplate":"https:\/\/lev.music31.fr\/?s={search_term_string}"},"query-input":"required name=search_term_string"}],"inLanguage":"fr-FR"},{"@type":"Organization","@id":"https:\/\/lev.music31.fr\/#organization","name":"L\u00c8V","url":"https:\/\/lev.music31.fr\/","logo":{"@type":"ImageObject","inLanguage":"fr-FR","@id":"https:\/\/lev.music31.fr\/#\/schema\/logo\/image\/","url":"https:\/\/lev.music31.fr\/wp-content\/uploads\/2020\/03\/L\u00e8v-logo_4.png","contentUrl":"https:\/\/lev.music31.fr\/wp-content\/uploads\/2020\/03\/L\u00e8v-logo_4.png","width":1080,"height":1080,"caption":"L\u00c8V"},"image":{"@id":"https:\/\/lev.music31.fr\/#\/schema\/logo\/image\/"},"sameAs":["https:\/\/www.facebook.com\/lev.music31"]}]}},"_links":{"self":[{"href":"https:\/\/lev.music31.fr\/index.php\/wp-json\/wp\/v2\/pages\/940","targetHints":{"allow":["GET"]}}],"collection":[{"href":"https:\/\/lev.music31.fr\/index.php\/wp-json\/wp\/v2\/pages"}],"about":[{"href":"https:\/\/lev.music31.fr\/index.php\/wp-json\/wp\/v2\/types\/page"}],"author":[{"embeddable":true,"href":"https:\/\/lev.music31.fr\/index.php\/wp-json\/wp\/v2\/users\/1"}],"replies":[{"embeddable":true,"href":"https:\/\/lev.music31.fr\/index.php\/wp-json\/wp\/v2\/comments?post=940"}],"version-history":[{"count":34,"href":"https:\/\/lev.music31.fr\/index.php\/wp-json\/wp\/v2\/pages\/940\/revisions"}],"predecessor-version":[{"id":1270,"href":"https:\/\/lev.music31.fr\/index.php\/wp-json\/wp\/v2\/pages\/940\/revisions\/1270"}],"wp:attachment":[{"href":"https:\/\/lev.music31.fr\/index.php\/wp-json\/wp\/v2\/media?parent=940"}],"curies":[{"name":"wp","href":"https:\/\/api.w.org\/{rel}","templated":true}]}}