{"id":819,"date":"2020-10-27T18:49:57","date_gmt":"2020-10-27T17:49:57","guid":{"rendered":"http:\/\/lev.music31.fr\/?page_id=819"},"modified":"2023-03-15T11:27:56","modified_gmt":"2023-03-15T10:27:56","slug":"nous-collaborons-ensemble","status":"publish","type":"page","link":"https:\/\/lev.music31.fr\/index.php\/nous-collaborons-ensemble\/","title":{"rendered":"Nos partenaires"},"content":{"rendered":"\n<div class=\"wp-block-columns is-layout-flex wp-container-core-columns-is-layout-9d6595d7 wp-block-columns-is-layout-flex\">\n<div class=\"wp-block-column is-layout-flow wp-block-column-is-layout-flow\" style=\"flex-basis:20%\">\n<figure class=\"wp-block-image size-full is-resized\"><img loading=\"lazy\" decoding=\"async\" src=\"https:\/\/lev.music31.fr\/wp-content\/uploads\/2023\/03\/IMG-20230314-WA0011.jpg\" alt=\"\" class=\"wp-image-1181\" width=\"135\" height=\"90\" srcset=\"https:\/\/lev.music31.fr\/wp-content\/uploads\/2023\/03\/IMG-20230314-WA0011.jpg 1024w, https:\/\/lev.music31.fr\/wp-content\/uploads\/2023\/03\/IMG-20230314-WA0011-300x200.jpg 300w, https:\/\/lev.music31.fr\/wp-content\/uploads\/2023\/03\/IMG-20230314-WA0011-768x512.jpg 768w\" sizes=\"auto, (max-width: 135px) 100vw, 135px\" \/><\/figure>\n<\/div>\n\n\n\n<div class=\"wp-block-column is-layout-flow wp-block-column-is-layout-flow\" style=\"flex-basis:66.66%\">\n<p><span style=\"\"><b>Sursum Corda &#8211; <\/b><\/span><strong><strong>Animation <\/strong>de c\u00e9r\u00e9monies religieuses<\/strong><br>Duo vocal violon et contrebasse pour toutes c\u00e9r\u00e9monies dans la r\u00e9gion de Brive<br>Contact (Marie-Emmanuelle) : 06 60 27 36 42<br><a href=\"https:\/\/sursumcorda.my.canva.site\/\" target=\"_blank\" rel=\"noreferrer noopener\">https:\/\/sursumcorda.my.canva.site\/<\/a><\/p>\n<\/div>\n<\/div>\n\n\n\n<hr class=\"wp-block-separator has-css-opacity is-style-default\"\/>\n\n\n\n<div class=\"wp-block-columns is-layout-flex wp-container-core-columns-is-layout-9d6595d7 wp-block-columns-is-layout-flex\">\n<div class=\"wp-block-column is-layout-flow wp-block-column-is-layout-flow\" style=\"flex-basis:20%\">\n<figure class=\"wp-block-image size-large is-resized\"><img loading=\"lazy\" decoding=\"async\" src=\"https:\/\/lev.music31.fr\/wp-content\/uploads\/2023\/03\/Logo-version-1-sans-baseline-1024x848.png\" alt=\"\" class=\"wp-image-1180\" width=\"151\" height=\"124\" srcset=\"https:\/\/lev.music31.fr\/wp-content\/uploads\/2023\/03\/Logo-version-1-sans-baseline-1024x848.png 1024w, https:\/\/lev.music31.fr\/wp-content\/uploads\/2023\/03\/Logo-version-1-sans-baseline-300x248.png 300w, https:\/\/lev.music31.fr\/wp-content\/uploads\/2023\/03\/Logo-version-1-sans-baseline-768x636.png 768w, https:\/\/lev.music31.fr\/wp-content\/uploads\/2023\/03\/Logo-version-1-sans-baseline-1536x1272.png 1536w, https:\/\/lev.music31.fr\/wp-content\/uploads\/2023\/03\/Logo-version-1-sans-baseline-2048x1695.png 2048w\" sizes=\"auto, (max-width: 151px) 100vw, 151px\" \/><\/figure>\n<\/div>\n\n\n\n<div class=\"wp-block-column is-layout-flow wp-block-column-is-layout-flow\" style=\"flex-basis:66.66%\">\n<p><span style=\"\"><b>In Cielo &#8211; <\/b><\/span><strong><strong>Animation <\/strong>musicale de c\u00e9r\u00e9monies<\/strong><br>Musiciennes et chanteuses d&rsquo;\u00e9glise \u00e0 Castres et dans le Tarn<br>Contact (B\u00e9n\u00e9dicte) : 06 20 85 34 94<br><a href=\"https:\/\/incielo.fr\/qui-sommes-nous\/\" target=\"_blank\" rel=\"noreferrer noopener\">https:\/\/incielo.fr\/qui-sommes-nous\/<\/a><\/p>\n<\/div>\n<\/div>\n\n\n\n<hr class=\"wp-block-separator has-css-opacity\"\/>\n\n\n\n<div class=\"wp-block-columns is-layout-flex wp-container-core-columns-is-layout-9d6595d7 wp-block-columns-is-layout-flex\">\n<div class=\"wp-block-column is-layout-flow wp-block-column-is-layout-flow\" style=\"flex-basis:20%\">\n<figure class=\"wp-block-image size-large is-resized\"><img loading=\"lazy\" decoding=\"async\" src=\"https:\/\/lev.music31.fr\/wp-content\/uploads\/2022\/06\/IMG_0004-1024x1024.jpg\" alt=\"\" class=\"wp-image-1126\" width=\"125\" height=\"125\" srcset=\"https:\/\/lev.music31.fr\/wp-content\/uploads\/2022\/06\/IMG_0004-1024x1024.jpg 1024w, https:\/\/lev.music31.fr\/wp-content\/uploads\/2022\/06\/IMG_0004-300x300.jpg 300w, https:\/\/lev.music31.fr\/wp-content\/uploads\/2022\/06\/IMG_0004-150x150.jpg 150w, https:\/\/lev.music31.fr\/wp-content\/uploads\/2022\/06\/IMG_0004-768x768.jpg 768w, https:\/\/lev.music31.fr\/wp-content\/uploads\/2022\/06\/IMG_0004-1536x1536.jpg 1536w, https:\/\/lev.music31.fr\/wp-content\/uploads\/2022\/06\/IMG_0004-2048x2048.jpg 2048w, https:\/\/lev.music31.fr\/wp-content\/uploads\/2022\/06\/IMG_0004-100x100.jpg 100w\" sizes=\"auto, (max-width: 125px) 100vw, 125px\" \/><\/figure>\n<\/div>\n\n\n\n<div class=\"wp-block-column is-layout-flow wp-block-column-is-layout-flow\" style=\"flex-basis:66.66%\">\n<p><span style=\"\"><b>Le Chant du C\u0153ur &#8211; <\/b><\/span><strong><strong>Animation <\/strong>de c\u00e9r\u00e9monies religieuses<\/strong><br>Chantre \u00e0 la cath\u00e9drale de Bourges, Caroline vous accompagnera par le chant dans vos c\u00e9r\u00e9monies religieuses (mariages, obs\u00e8ques, bapt\u00eames, communions).<br>R\u00e9gion Centre Val de Loire, Allier et Ni\u00e8vre<br>Contact : 06 61 06 41 95<br><a href=\"mailto:lechantducoeur.caroline@gmail.com\" target=\"_blank\" rel=\"noreferrer noopener\">lechantducoeur.caroline@gmail.com<\/a><\/p>\n<\/div>\n<\/div>\n\n\n\n<hr class=\"wp-block-separator has-css-opacity\"\/>\n\n\n\n<div class=\"wp-block-columns is-layout-flex wp-container-core-columns-is-layout-9d6595d7 wp-block-columns-is-layout-flex\">\n<div class=\"wp-block-column is-layout-flow wp-block-column-is-layout-flow\" style=\"flex-basis:20%\">\n<figure class=\"wp-block-image size-large is-resized\"><img loading=\"lazy\" decoding=\"async\" src=\"https:\/\/lev.music31.fr\/wp-content\/uploads\/2022\/06\/Logo-estelle-fond-blanc-1024x768.jpg\" alt=\"\" class=\"wp-image-1124\" width=\"170\" height=\"127\" srcset=\"https:\/\/lev.music31.fr\/wp-content\/uploads\/2022\/06\/Logo-estelle-fond-blanc-1024x768.jpg 1024w, https:\/\/lev.music31.fr\/wp-content\/uploads\/2022\/06\/Logo-estelle-fond-blanc-300x225.jpg 300w, https:\/\/lev.music31.fr\/wp-content\/uploads\/2022\/06\/Logo-estelle-fond-blanc-768x576.jpg 768w, https:\/\/lev.music31.fr\/wp-content\/uploads\/2022\/06\/Logo-estelle-fond-blanc-1536x1152.jpg 1536w, https:\/\/lev.music31.fr\/wp-content\/uploads\/2022\/06\/Logo-estelle-fond-blanc.jpg 1600w\" sizes=\"auto, (max-width: 170px) 100vw, 170px\" \/><\/figure>\n<\/div>\n\n\n\n<div class=\"wp-block-column is-layout-flow wp-block-column-is-layout-flow\" style=\"flex-basis:66.66%\">\n<p><strong><strong>Une Vie en Musique &#8211; Estelle Lanoue<\/strong><\/strong><br>Animation de toutes vos c\u00e9r\u00e9monies en musique sur Pau et sa r\u00e9gion.<br><a href=\"https:\/\/youtu.be\/oMD6Iaa0z5Y\" target=\"_blank\" rel=\"noreferrer noopener\">https:\/\/youtu.be\/oMD6Iaa0z5Y<\/a><br>Contact : 06 95 07 42 06<br><a href=\"mailto:estellelanoue64@gmail.com\" target=\"_blank\" rel=\"noreferrer noopener\">estellelanoue64@gmail.com<\/a><\/p>\n<\/div>\n<\/div>\n\n\n\n<hr class=\"wp-block-separator has-css-opacity\"\/>\n\n\n\n<div class=\"wp-block-columns is-layout-flex wp-container-core-columns-is-layout-9d6595d7 wp-block-columns-is-layout-flex\">\n<div class=\"wp-block-column is-layout-flow wp-block-column-is-layout-flow\" style=\"flex-basis:20%\">\n<figure class=\"wp-block-image size-large is-resized\"><img loading=\"lazy\" decoding=\"async\" src=\"https:\/\/lev.music31.fr\/wp-content\/uploads\/2021\/10\/IMG-20211021-WA0001-769x1024.jpg\" alt=\"\" class=\"wp-image-1074\" width=\"114\" height=\"151\" srcset=\"https:\/\/lev.music31.fr\/wp-content\/uploads\/2021\/10\/IMG-20211021-WA0001-769x1024.jpg 769w, https:\/\/lev.music31.fr\/wp-content\/uploads\/2021\/10\/IMG-20211021-WA0001-225x300.jpg 225w, https:\/\/lev.music31.fr\/wp-content\/uploads\/2021\/10\/IMG-20211021-WA0001-768x1023.jpg 768w, https:\/\/lev.music31.fr\/wp-content\/uploads\/2021\/10\/IMG-20211021-WA0001.jpg 1081w\" sizes=\"auto, (max-width: 114px) 100vw, 114px\" \/><\/figure>\n<\/div>\n\n\n\n<div class=\"wp-block-column is-layout-flow wp-block-column-is-layout-flow\" style=\"flex-basis:66.66%\">\n<p><strong><strong>Claire Bouchadeill Music<\/strong><\/strong><br>Animation professionnelle de c\u00e9l\u00e9brations et d&rsquo;\u00e9v\u00e9nements chr\u00e9tiens sur Tarbes et sa r\u00e9gion<br>Contact : 07 83 84 56 70<br><a href=\"https:\/\/clairebouchadeillmusic.fr\/__trashed\/\" target=\"_blank\" rel=\"noreferrer noopener\">https:\/\/clairebouchadeillmusic.fr\/__trashed\/<\/a><\/p>\n<\/div>\n<\/div>\n\n\n\n<hr class=\"wp-block-separator has-css-opacity\"\/>\n\n\n\n<div class=\"wp-block-columns is-layout-flex wp-container-core-columns-is-layout-9d6595d7 wp-block-columns-is-layout-flex\">\n<div class=\"wp-block-column is-layout-flow wp-block-column-is-layout-flow\" style=\"flex-basis:20%\">\n<figure class=\"wp-block-image size-large is-resized\"><img loading=\"lazy\" decoding=\"async\" src=\"https:\/\/lev.music31.fr\/wp-content\/uploads\/2020\/10\/LogoGabrielleGray.png\" alt=\"\" class=\"wp-image-823\" width=\"104\" height=\"104\" srcset=\"https:\/\/lev.music31.fr\/wp-content\/uploads\/2020\/10\/LogoGabrielleGray.png 240w, https:\/\/lev.music31.fr\/wp-content\/uploads\/2020\/10\/LogoGabrielleGray-150x150.png 150w, https:\/\/lev.music31.fr\/wp-content\/uploads\/2020\/10\/LogoGabrielleGray-100x100.png 100w\" sizes=\"auto, (max-width: 104px) 100vw, 104px\" \/><\/figure>\n<\/div>\n\n\n\n<div class=\"wp-block-column is-layout-flow wp-block-column-is-layout-flow\" style=\"flex-basis:66.66%\">\n<p><strong>Gabrielle Gayraud &#8211; Photographe<\/strong><br>Contact : 06 51 47 62 22<br>Adresse : 7 Rue du pont Guilhemery, 31000 Toulouse<br><a data-type=\"URL\" href=\"http:\/\/gabrielle-gayraud.fr\/\" target=\"_blank\" rel=\"noreferrer noopener\">http:\/\/gabrielle-gayraud.fr\/<\/a><br><a data-type=\"URL\" href=\"https:\/\/fr-fr.facebook.com\/gabriellegayraud.photographie\/\" target=\"_blank\" rel=\"noreferrer noopener\">@gabriellegayraud.photographie<\/a><\/p>\n<\/div>\n<\/div>\n\n\n\n<hr class=\"wp-block-separator has-css-opacity\"\/>\n\n\n\n<div class=\"wp-block-columns is-layout-flex wp-container-core-columns-is-layout-9d6595d7 wp-block-columns-is-layout-flex\">\n<div class=\"wp-block-column is-layout-flow wp-block-column-is-layout-flow\" style=\"flex-basis:20%\">\n<figure class=\"wp-block-image size-large is-resized\"><img loading=\"lazy\" decoding=\"async\" src=\"https:\/\/lev.music31.fr\/wp-content\/uploads\/2021\/04\/logo-1024x506.png\" alt=\"\" class=\"wp-image-1006\" width=\"141\" height=\"65\"\/><\/figure>\n<\/div>\n\n\n\n<div class=\"wp-block-column is-layout-flow wp-block-column-is-layout-flow\" style=\"flex-basis:66.66%\">\n<p><strong>Le Petit Livret de Messe &#8211; Papeterie de c\u00e9r\u00e9monie<\/strong><br>Cr\u00e9ation et fabrication de votre papeterie de c\u00e9r\u00e9monie : faire-part &amp; livrets de mariage, de bapt\u00eame ou d&rsquo;obs\u00e8ques.<br>Contact : 06 99 07 50 06  <a rel=\"noreferrer noopener\" href=\"mailto:lepetitlivretdemesse@gmail.com\" target=\"_blank\">lepetitlivretdemesse@gmail.com<\/a><br><a rel=\"noreferrer noopener\" href=\"https:\/\/www.lepetitlivretdemesse.fr\/\" target=\"_blank\">https:\/\/www.lepetitlivretdemesse.fr\/<\/a><br><a href=\"https:\/\/www.facebook.com\/LePetitLivretDeMesse\/\" target=\"_blank\" rel=\"noreferrer noopener\">@LePetitLivretDeMesse<\/a><\/p>\n<\/div>\n<\/div>\n\n\n\n<hr class=\"wp-block-separator has-css-opacity\"\/>\n\n\n\n<div class=\"wp-block-columns is-layout-flex wp-container-core-columns-is-layout-9d6595d7 wp-block-columns-is-layout-flex\">\n<div class=\"wp-block-column is-layout-flow wp-block-column-is-layout-flow\" style=\"flex-basis:20%\">\n<figure class=\"wp-block-image size-large is-resized\"><img loading=\"lazy\" decoding=\"async\" src=\"https:\/\/lev.music31.fr\/wp-content\/uploads\/2021\/02\/logo-stda.png\" alt=\"\" class=\"wp-image-878\" width=\"122\" height=\"63\"\/><\/figure>\n<\/div>\n\n\n\n<div class=\"wp-block-column is-layout-flow wp-block-column-is-layout-flow\" style=\"flex-basis:66.66%\">\n<p><strong>Ecole &amp; Coll\u00e8ge Saint Thomas d&rsquo;Aquin<\/strong><br>Contact : 05 61 52 65 45<br>Adresse : 40 Grande Rue Nazareth, 31000 Toulouse<br><a rel=\"noreferrer noopener\" href=\"https:\/\/saint-thomas-daquin.com\/\" target=\"_blank\">https:\/\/saint-thomas-daquin.com\/<\/a><\/p>\n<\/div>\n<\/div>\n\n\n\n<p><\/p>\n","protected":false},"excerpt":{"rendered":"<p>Sursum Corda &#8211; Animation de c\u00e9r\u00e9monies religieusesDuo vocal violon et contrebasse pour toutes c\u00e9r\u00e9monies dans la r\u00e9gion de BriveContact (Marie-Emmanuelle) : 06 60 27 36 42https:\/\/sursumcorda.my.canva.site\/ In Cielo &#8211; Animation musicale de c\u00e9r\u00e9moniesMusiciennes et chanteuses d&rsquo;\u00e9glise \u00e0 Castres et dans le TarnContact (B\u00e9n\u00e9dicte) : 06 20 85 34 94https:\/\/incielo.fr\/qui-sommes-nous\/ Le Chant du C\u0153ur &#8211; Animation &hellip; <\/p>\n<p class=\"link-more\"><a href=\"https:\/\/lev.music31.fr\/index.php\/nous-collaborons-ensemble\/\" class=\"more-link\">Continuer la lecture<span class=\"screen-reader-text\"> de &laquo;&nbsp;Nos partenaires&nbsp;&raquo;<\/span><\/a><\/p>\n","protected":false},"author":1,"featured_media":0,"parent":0,"menu_order":0,"comment_status":"closed","ping_status":"closed","template":"","meta":{"footnotes":""},"class_list":["post-819","page","type-page","status-publish","hentry"],"yoast_head":"<!-- This site is optimized with the Yoast SEO plugin v20.3 - https:\/\/yoast.com\/wordpress\/plugins\/seo\/ -->\n<title>Nos partenaires - L\u00e8v<\/title>\n<meta name=\"robots\" content=\"index, follow, max-snippet:-1, max-image-preview:large, max-video-preview:-1\" \/>\n<link rel=\"canonical\" href=\"https:\/\/lev.music31.fr\/index.php\/nous-collaborons-ensemble\/\" \/>\n<meta property=\"og:locale\" content=\"fr_FR\" \/>\n<meta property=\"og:type\" content=\"article\" \/>\n<meta property=\"og:title\" content=\"Nos partenaires - L\u00e8v\" \/>\n<meta property=\"og:description\" content=\"Sursum Corda &#8211; Animation de c\u00e9r\u00e9monies religieusesDuo vocal violon et contrebasse pour toutes c\u00e9r\u00e9monies dans la r\u00e9gion de BriveContact (Marie-Emmanuelle) : 06 60 27 36 42https:\/\/sursumcorda.my.canva.site\/ In Cielo &#8211; Animation musicale de c\u00e9r\u00e9moniesMusiciennes et chanteuses d&rsquo;\u00e9glise \u00e0 Castres et dans le TarnContact (B\u00e9n\u00e9dicte) : 06 20 85 34 94https:\/\/incielo.fr\/qui-sommes-nous\/ Le Chant du C\u0153ur &#8211; Animation &hellip; Continuer la lecture de &laquo;&nbsp;Nos partenaires&nbsp;&raquo;\" \/>\n<meta property=\"og:url\" content=\"https:\/\/lev.music31.fr\/index.php\/nous-collaborons-ensemble\/\" \/>\n<meta property=\"og:site_name\" content=\"L\u00e8v\" \/>\n<meta property=\"article:publisher\" content=\"https:\/\/www.facebook.com\/lev.music31\" \/>\n<meta property=\"article:modified_time\" content=\"2023-03-15T10:27:56+00:00\" \/>\n<meta property=\"og:image\" content=\"https:\/\/lev.music31.fr\/wp-content\/uploads\/2023\/03\/IMG-20230314-WA0011.jpg\" \/>\n<meta name=\"twitter:card\" content=\"summary_large_image\" \/>\n<meta name=\"twitter:label1\" content=\"Dur\u00e9e de lecture estim\u00e9e\" \/>\n\t<meta name=\"twitter:data1\" content=\"3 minutes\" \/>\n<script type=\"application\/ld+json\" class=\"yoast-schema-graph\">{\"@context\":\"https:\/\/schema.org\",\"@graph\":[{\"@type\":\"WebPage\",\"@id\":\"https:\/\/lev.music31.fr\/index.php\/nous-collaborons-ensemble\/\",\"url\":\"https:\/\/lev.music31.fr\/index.php\/nous-collaborons-ensemble\/\",\"name\":\"Nos partenaires - L\u00e8v\",\"isPartOf\":{\"@id\":\"https:\/\/lev.music31.fr\/#website\"},\"datePublished\":\"2020-10-27T17:49:57+00:00\",\"dateModified\":\"2023-03-15T10:27:56+00:00\",\"breadcrumb\":{\"@id\":\"https:\/\/lev.music31.fr\/index.php\/nous-collaborons-ensemble\/#breadcrumb\"},\"inLanguage\":\"fr-FR\",\"potentialAction\":[{\"@type\":\"ReadAction\",\"target\":[\"https:\/\/lev.music31.fr\/index.php\/nous-collaborons-ensemble\/\"]}]},{\"@type\":\"BreadcrumbList\",\"@id\":\"https:\/\/lev.music31.fr\/index.php\/nous-collaborons-ensemble\/#breadcrumb\",\"itemListElement\":[{\"@type\":\"ListItem\",\"position\":1,\"name\":\"Accueil\",\"item\":\"https:\/\/lev.music31.fr\/\"},{\"@type\":\"ListItem\",\"position\":2,\"name\":\"Nos partenaires\"}]},{\"@type\":\"WebSite\",\"@id\":\"https:\/\/lev.music31.fr\/#website\",\"url\":\"https:\/\/lev.music31.fr\/\",\"name\":\"L\u00e8v\",\"description\":\"Battre au rythme de vos c\u0153urs\",\"publisher\":{\"@id\":\"https:\/\/lev.music31.fr\/#organization\"},\"potentialAction\":[{\"@type\":\"SearchAction\",\"target\":{\"@type\":\"EntryPoint\",\"urlTemplate\":\"https:\/\/lev.music31.fr\/?s={search_term_string}\"},\"query-input\":\"required name=search_term_string\"}],\"inLanguage\":\"fr-FR\"},{\"@type\":\"Organization\",\"@id\":\"https:\/\/lev.music31.fr\/#organization\",\"name\":\"L\u00c8V\",\"url\":\"https:\/\/lev.music31.fr\/\",\"logo\":{\"@type\":\"ImageObject\",\"inLanguage\":\"fr-FR\",\"@id\":\"https:\/\/lev.music31.fr\/#\/schema\/logo\/image\/\",\"url\":\"https:\/\/lev.music31.fr\/wp-content\/uploads\/2020\/03\/L\u00e8v-logo_4.png\",\"contentUrl\":\"https:\/\/lev.music31.fr\/wp-content\/uploads\/2020\/03\/L\u00e8v-logo_4.png\",\"width\":1080,\"height\":1080,\"caption\":\"L\u00c8V\"},\"image\":{\"@id\":\"https:\/\/lev.music31.fr\/#\/schema\/logo\/image\/\"},\"sameAs\":[\"https:\/\/www.facebook.com\/lev.music31\"]}]}<\/script>\n<!-- \/ Yoast SEO plugin. -->","yoast_head_json":{"title":"Nos partenaires - L\u00e8v","robots":{"index":"index","follow":"follow","max-snippet":"max-snippet:-1","max-image-preview":"max-image-preview:large","max-video-preview":"max-video-preview:-1"},"canonical":"https:\/\/lev.music31.fr\/index.php\/nous-collaborons-ensemble\/","og_locale":"fr_FR","og_type":"article","og_title":"Nos partenaires - L\u00e8v","og_description":"Sursum Corda &#8211; Animation de c\u00e9r\u00e9monies religieusesDuo vocal violon et contrebasse pour toutes c\u00e9r\u00e9monies dans la r\u00e9gion de BriveContact (Marie-Emmanuelle) : 06 60 27 36 42https:\/\/sursumcorda.my.canva.site\/ In Cielo &#8211; Animation musicale de c\u00e9r\u00e9moniesMusiciennes et chanteuses d&rsquo;\u00e9glise \u00e0 Castres et dans le TarnContact (B\u00e9n\u00e9dicte) : 06 20 85 34 94https:\/\/incielo.fr\/qui-sommes-nous\/ Le Chant du C\u0153ur &#8211; Animation &hellip; Continuer la lecture de &laquo;&nbsp;Nos partenaires&nbsp;&raquo;","og_url":"https:\/\/lev.music31.fr\/index.php\/nous-collaborons-ensemble\/","og_site_name":"L\u00e8v","article_publisher":"https:\/\/www.facebook.com\/lev.music31","article_modified_time":"2023-03-15T10:27:56+00:00","og_image":[{"url":"https:\/\/lev.music31.fr\/wp-content\/uploads\/2023\/03\/IMG-20230314-WA0011.jpg"}],"twitter_card":"summary_large_image","twitter_misc":{"Dur\u00e9e de lecture estim\u00e9e":"3 minutes"},"schema":{"@context":"https:\/\/schema.org","@graph":[{"@type":"WebPage","@id":"https:\/\/lev.music31.fr\/index.php\/nous-collaborons-ensemble\/","url":"https:\/\/lev.music31.fr\/index.php\/nous-collaborons-ensemble\/","name":"Nos partenaires - L\u00e8v","isPartOf":{"@id":"https:\/\/lev.music31.fr\/#website"},"datePublished":"2020-10-27T17:49:57+00:00","dateModified":"2023-03-15T10:27:56+00:00","breadcrumb":{"@id":"https:\/\/lev.music31.fr\/index.php\/nous-collaborons-ensemble\/#breadcrumb"},"inLanguage":"fr-FR","potentialAction":[{"@type":"ReadAction","target":["https:\/\/lev.music31.fr\/index.php\/nous-collaborons-ensemble\/"]}]},{"@type":"BreadcrumbList","@id":"https:\/\/lev.music31.fr\/index.php\/nous-collaborons-ensemble\/#breadcrumb","itemListElement":[{"@type":"ListItem","position":1,"name":"Accueil","item":"https:\/\/lev.music31.fr\/"},{"@type":"ListItem","position":2,"name":"Nos partenaires"}]},{"@type":"WebSite","@id":"https:\/\/lev.music31.fr\/#website","url":"https:\/\/lev.music31.fr\/","name":"L\u00e8v","description":"Battre au rythme de vos c\u0153urs","publisher":{"@id":"https:\/\/lev.music31.fr\/#organization"},"potentialAction":[{"@type":"SearchAction","target":{"@type":"EntryPoint","urlTemplate":"https:\/\/lev.music31.fr\/?s={search_term_string}"},"query-input":"required name=search_term_string"}],"inLanguage":"fr-FR"},{"@type":"Organization","@id":"https:\/\/lev.music31.fr\/#organization","name":"L\u00c8V","url":"https:\/\/lev.music31.fr\/","logo":{"@type":"ImageObject","inLanguage":"fr-FR","@id":"https:\/\/lev.music31.fr\/#\/schema\/logo\/image\/","url":"https:\/\/lev.music31.fr\/wp-content\/uploads\/2020\/03\/L\u00e8v-logo_4.png","contentUrl":"https:\/\/lev.music31.fr\/wp-content\/uploads\/2020\/03\/L\u00e8v-logo_4.png","width":1080,"height":1080,"caption":"L\u00c8V"},"image":{"@id":"https:\/\/lev.music31.fr\/#\/schema\/logo\/image\/"},"sameAs":["https:\/\/www.facebook.com\/lev.music31"]}]}},"_links":{"self":[{"href":"https:\/\/lev.music31.fr\/index.php\/wp-json\/wp\/v2\/pages\/819","targetHints":{"allow":["GET"]}}],"collection":[{"href":"https:\/\/lev.music31.fr\/index.php\/wp-json\/wp\/v2\/pages"}],"about":[{"href":"https:\/\/lev.music31.fr\/index.php\/wp-json\/wp\/v2\/types\/page"}],"author":[{"embeddable":true,"href":"https:\/\/lev.music31.fr\/index.php\/wp-json\/wp\/v2\/users\/1"}],"replies":[{"embeddable":true,"href":"https:\/\/lev.music31.fr\/index.php\/wp-json\/wp\/v2\/comments?post=819"}],"version-history":[{"count":28,"href":"https:\/\/lev.music31.fr\/index.php\/wp-json\/wp\/v2\/pages\/819\/revisions"}],"predecessor-version":[{"id":1202,"href":"https:\/\/lev.music31.fr\/index.php\/wp-json\/wp\/v2\/pages\/819\/revisions\/1202"}],"wp:attachment":[{"href":"https:\/\/lev.music31.fr\/index.php\/wp-json\/wp\/v2\/media?parent=819"}],"curies":[{"name":"wp","href":"https:\/\/api.w.org\/{rel}","templated":true}]}}